{"id":185443,"date":"2022-12-30T00:40:43","date_gmt":"2022-12-29T23:40:43","guid":{"rendered":"https:\/\/nestitaly.com\/boncompagnibenelli\/"},"modified":"2023-01-16T18:48:07","modified_gmt":"2023-01-16T17:48:07","slug":"boncompagnibenelli","status":"publish","type":"page","link":"https:\/\/nestitaly.com\/it\/boncompagnibenelli\/","title":{"rendered":"Boncompagni&#038;Benelli"},"content":{"rendered":"<p>[vc_row el_class=&#8221;ricerca&#8221; el_id=&#8221;ricerca&#8221;][vc_column][vc_custom_heading text=&#8221;Palazzo Boncompagni &amp; Castello Benelli&#8221; font_container=&#8221;tag:h2|font_size:34|text_align:center&#8221; use_theme_fonts=&#8221;yes&#8221; t_supro_heading=&#8221;&#8221; m_supro_heading=&#8221;&#8221; t_font_size=&#8221;30&#8243; m_font_size=&#8221;24&#8243; css=&#8221;.vc_custom_1672357566706{margin-top: 0px !important;margin-bottom: 0px !important;}&#8221;][vc_empty_space height=&#8221;80px&#8221;][vc_column_text]<img loading=\"lazy\" decoding=\"async\" class=\"aligncenter wp-image-193653 size-large\" src=\"https:\/\/nestitaly.com\/wp-content\/smush-webp\/2023\/01\/Post-Sala-del-Papa-1024x683.jpg.webp\" alt=\"\" width=\"840\" height=\"560\" srcset=\"https:\/\/nestitaly.com\/wp-content\/smush-webp\/2023\/01\/Post-Sala-del-Papa-1024x683.jpg.webp 1024w, https:\/\/nestitaly.com\/wp-content\/smush-webp\/2023\/01\/Post-Sala-del-Papa-300x200.jpg.webp 300w, https:\/\/nestitaly.com\/wp-content\/smush-webp\/2023\/01\/Post-Sala-del-Papa-768x512.jpg.webp 768w, https:\/\/nestitaly.com\/wp-content\/smush-webp\/2023\/01\/Post-Sala-del-Papa-1536x1024.jpg.webp 1536w, https:\/\/nestitaly.com\/wp-content\/smush-webp\/2023\/01\/Post-Sala-del-Papa-450x300.jpg.webp 450w, https:\/\/nestitaly.com\/wp-content\/smush-webp\/2023\/01\/Post-Sala-del-Papa-600x400.jpg.webp 600w, https:\/\/nestitaly.com\/wp-content\/smush-webp\/2023\/01\/Post-Sala-del-Papa-90x60.jpg.webp 90w, https:\/\/nestitaly.com\/wp-content\/smush-webp\/2023\/01\/Post-Sala-del-Papa-135x90.jpg.webp 135w, https:\/\/nestitaly.com\/wp-content\/smush-webp\/2023\/01\/Post-Sala-del-Papa.jpg.webp 1920w\" sizes=\"auto, (max-width: 840px) 100vw, 840px\" data-smush-webp-fallback=\"{&quot;src&quot;:&quot;https:\\\/\\\/nestitaly.com\\\/wp-content\\\/uploads\\\/2023\\\/01\\\/Post-Sala-del-Papa-1024x683.jpg&quot;,&quot;srcset&quot;:&quot;https:\\\/\\\/nestitaly.com\\\/wp-content\\\/uploads\\\/2023\\\/01\\\/Post-Sala-del-Papa-1024x683.jpg 1024w, https:\\\/\\\/nestitaly.com\\\/wp-content\\\/uploads\\\/2023\\\/01\\\/Post-Sala-del-Papa-300x200.jpg 300w, https:\\\/\\\/nestitaly.com\\\/wp-content\\\/uploads\\\/2023\\\/01\\\/Post-Sala-del-Papa-768x512.jpg 768w, https:\\\/\\\/nestitaly.com\\\/wp-content\\\/uploads\\\/2023\\\/01\\\/Post-Sala-del-Papa-1536x1024.jpg 1536w, https:\\\/\\\/nestitaly.com\\\/wp-content\\\/uploads\\\/2023\\\/01\\\/Post-Sala-del-Papa-450x300.jpg 450w, https:\\\/\\\/nestitaly.com\\\/wp-content\\\/uploads\\\/2023\\\/01\\\/Post-Sala-del-Papa-600x400.jpg 600w, https:\\\/\\\/nestitaly.com\\\/wp-content\\\/uploads\\\/2023\\\/01\\\/Post-Sala-del-Papa-90x60.jpg 90w, https:\\\/\\\/nestitaly.com\\\/wp-content\\\/uploads\\\/2023\\\/01\\\/Post-Sala-del-Papa-135x90.jpg 135w, https:\\\/\\\/nestitaly.com\\\/wp-content\\\/uploads\\\/2023\\\/01\\\/Post-Sala-del-Papa.jpg 1920w&quot;}\" \/><\/p>\n<p>&nbsp;<\/p>\n<h5 style=\"text-align: center;\"><span style=\"color: #000000;\">PALAZZO BONCOMPAGNI<\/span><\/h5>\n<p style=\"text-align: center;\"><span style=\"color: #000000;\">Nel pieno centro storico di Bologna, a poche centinaia di metri da piazza Maggiore e dalle Due Torri, si<\/span>\u00a0<span style=\"color: #000000;\">trova un palazzo nobiliare costruito a met\u00e0 del XVI secolo per ospitare un Papa. Palazzo Boncompagni (ora<\/span>\u00a0<span style=\"color: #000000;\">Benelli) \u00e8 situato in Via del Monte 8, ed \u00e8 uno dei pi\u00f9 begli esempi del rinascimento bolognese. <\/span><\/p>\n<p style=\"text-align: center;\"><span style=\"color: #000000;\">Negli ultimi<\/span>\u00a0<span style=\"color: #000000;\">tempi si sta affermando come sede di importanti eventi espositivi e culturali e, grazie all\u2019impegno della<\/span>\u00a0<span style=\"color: #000000;\">famiglia Pizzighini Benelli, proprietaria del Palazzo da fine \u2018800, sta vivendo un periodo di intensi studi che<\/span>\u00a0<span style=\"color: #000000;\">ogni giorno portano alla luce nuovi elementi che arricchiscono il racconto su Bologna e la sua storia.<\/span><\/p>\n<p style=\"text-align: center;\"><span style=\"color: #000000;\">Completamente restaurato nel 2014, Palazzo Boncompagni viene considerato come il palazzo del Papa che<\/span>\u00a0<span style=\"color: #000000;\">rivoluzion\u00f2 il tempo. Infatti Papa Gregorio XIII \u00e8 stato l\u2019inventore del calendario Gregoriano che tutt\u2019oggi il<\/span>\u00a0<span style=\"color: #000000;\">mondo adotta, ed ora la sua prestigiosa dimora \u00e8 diventata anche location per eventi a Bologna.<\/span>\u00a0<span style=\"color: #000000;\">Varcata la soglia del Palazzo, a destra, il visitatore incontra un primo ambiente di rappresentanza, la Sala<\/span>\u00a0<span style=\"color: #000000;\">delle udienze Papali. Si tratta di un grande salone con affreschi che coprono la volta e la parte alta delle<\/span>\u00a0<span style=\"color: #000000;\">pareti, creando una sorta di palcoscenico cinquecentesco atto ad impressionare i visitatori con una storia<\/span>\u00a0<span style=\"color: #000000;\">nota e edificante, come si usava all\u2019epoca.<\/span><\/p>\n<p style=\"text-align: center;\"><span style=\"color: #000000;\">La Loggia che conduce dall\u2019ingresso fino alla scala elicoidale del Vignola, \u00e8 coronata da tre archi sostenuti<\/span>\u00a0<span style=\"color: #000000;\">da preziose colonne finemente istoriate, al di l\u00e0 delle quali si pu\u00f2 ammirare una maestosa magnolia.<\/span>\u00a0<span style=\"color: #000000;\">Al piano superiore in corrispondenza della Loggia ci sono vari e pregiati affreschi che ricoprono le pareti del<\/span>\u00a0<span style=\"color: #000000;\">piano nobile, in cui \u00e8 presente anche una preziosa quadreria.<\/span><\/p>\n<p style=\"text-align: center;\"><span style=\"color: #000000;\">Palazzo Boncompagni \u00e8 quindi un luogo veramente unico in cui poter organizzare eventi; infatti, la<\/span>\u00a0<span style=\"color: #000000;\">meravigliosa \u2018Sala del Papa\u2019, e il prezioso loggiato, possono essere dedicate ad eventi speciali ed esclusivi<\/span>\u00a0<span style=\"color: #000000;\">come convegni, conferenze, cene aziendali, feste private. Un contesto assolutamente magico in cui vivere<\/span>\u00a0<span style=\"color: #000000;\">un\u2019esperienza totalmente personalizzata e curata nei pi\u00f9 minimi dettagli.<\/span><\/p>\n<p><span style=\"color: #000000;\">Diverse e raffinate sono le esperienze proposte, che coniugano arte, musica e cibo: visite guidate esclusive<\/span>\u00a0<span style=\"color: #000000;\">del Palazzo, cene di gala accompagnate da musica all\u2019interno della Sala del Papa, pranzi con prodotti di stagione e del territorio<\/span><span style=\"color: #000000;\">, concerti, sfilate e presentazioni di moda, esposizioni artistiche, alla costante ricerca<\/span>\u00a0<span style=\"color: #000000;\">dell\u2019atmosfera perfetta. Saranno messi a disposizione i migliori referenti per l\u2019allestimento floreale, il<\/span>\u00a0<span style=\"color: #000000;\">catering, l\u2019allestimento luci e audio.<\/span><\/p>\n<p style=\"text-align: center;\"><span style=\"color: #000000;\">Ogni richiesta sar\u00e0 esaudita e i diversi eventi accolti all\u2019interno di questa esclusiva location saranno<\/span>\u00a0<span style=\"color: #000000;\">connessi da una brand attitude che lega Palazzo Boncompagni ai suoi ospiti: il tempo, il divenire, il<\/span>\u00a0<span style=\"color: #000000;\">cambiamento.<\/span><\/p>\n<p style=\"text-align: center;\"><span style=\"color: #000000;\">Palazzo Boncompagni sar\u00e0 per ognuno un luogo di rinascita.<\/span><\/p>\n<p>&nbsp;<\/p>\n<h5 style=\"text-align: center;\"><span style=\"color: #000000;\"><img loading=\"lazy\" decoding=\"async\" class=\"aligncenter wp-image-185431 size-large\" src=\"https:\/\/nestitaly.com\/wp-content\/smush-webp\/2022\/12\/Post-01-Castello-frontale-1024x683.jpg.webp\" alt=\"\" width=\"840\" height=\"560\" srcset=\"https:\/\/nestitaly.com\/wp-content\/smush-webp\/2022\/12\/Post-01-Castello-frontale-1024x683.jpg.webp 1024w, https:\/\/nestitaly.com\/wp-content\/smush-webp\/2022\/12\/Post-01-Castello-frontale-300x200.jpg.webp 300w, https:\/\/nestitaly.com\/wp-content\/smush-webp\/2022\/12\/Post-01-Castello-frontale-768x512.jpg.webp 768w, https:\/\/nestitaly.com\/wp-content\/smush-webp\/2022\/12\/Post-01-Castello-frontale-1536x1024.jpg.webp 1536w, https:\/\/nestitaly.com\/wp-content\/smush-webp\/2022\/12\/Post-01-Castello-frontale-scaled.jpg.webp 2048w, https:\/\/nestitaly.com\/wp-content\/smush-webp\/2022\/12\/Post-01-Castello-frontale-450x300.jpg.webp 450w, https:\/\/nestitaly.com\/wp-content\/smush-webp\/2022\/12\/Post-01-Castello-frontale-600x400.jpg.webp 600w, https:\/\/nestitaly.com\/wp-content\/smush-webp\/2022\/12\/Post-01-Castello-frontale-90x60.jpg.webp 90w, https:\/\/nestitaly.com\/wp-content\/smush-webp\/2022\/12\/Post-01-Castello-frontale-135x90.jpg.webp 135w\" sizes=\"auto, (max-width: 840px) 100vw, 840px\" data-smush-webp-fallback=\"{&quot;src&quot;:&quot;https:\\\/\\\/nestitaly.com\\\/wp-content\\\/uploads\\\/2022\\\/12\\\/Post-01-Castello-frontale-1024x683.jpg&quot;,&quot;srcset&quot;:&quot;https:\\\/\\\/nestitaly.com\\\/wp-content\\\/uploads\\\/2022\\\/12\\\/Post-01-Castello-frontale-1024x683.jpg 1024w, https:\\\/\\\/nestitaly.com\\\/wp-content\\\/uploads\\\/2022\\\/12\\\/Post-01-Castello-frontale-300x200.jpg 300w, https:\\\/\\\/nestitaly.com\\\/wp-content\\\/uploads\\\/2022\\\/12\\\/Post-01-Castello-frontale-768x512.jpg 768w, https:\\\/\\\/nestitaly.com\\\/wp-content\\\/uploads\\\/2022\\\/12\\\/Post-01-Castello-frontale-1536x1024.jpg 1536w, https:\\\/\\\/nestitaly.com\\\/wp-content\\\/uploads\\\/2022\\\/12\\\/Post-01-Castello-frontale-scaled.jpg 2048w, https:\\\/\\\/nestitaly.com\\\/wp-content\\\/uploads\\\/2022\\\/12\\\/Post-01-Castello-frontale-450x300.jpg 450w, https:\\\/\\\/nestitaly.com\\\/wp-content\\\/uploads\\\/2022\\\/12\\\/Post-01-Castello-frontale-600x400.jpg 600w, https:\\\/\\\/nestitaly.com\\\/wp-content\\\/uploads\\\/2022\\\/12\\\/Post-01-Castello-frontale-90x60.jpg 90w, https:\\\/\\\/nestitaly.com\\\/wp-content\\\/uploads\\\/2022\\\/12\\\/Post-01-Castello-frontale-135x90.jpg 135w&quot;}\" \/><\/span><\/h5>\n<h5 style=\"text-align: center;\"><\/h5>\n<p style=\"text-align: center;\"><strong><span style=\"color: #000000;\">CASTELLO BENELLI<\/span><\/strong><\/p>\n<p style=\"text-align: center;\"><span style=\"color: #000000;\">Nelle campagne di Bordonchio, a Bellaria Igea Marina, si trova Castello Benelli, eretto per volere del conte<\/span>\u00a0<span style=\"color: #000000;\">Pietro Spina nell\u2019Ottocento, ricalcando le fondamenta di un antico castello medioevale indicativamente del<\/span>\u00a0<span style=\"color: #000000;\">XI secolo. Si trova in una posizione strategica, a pochi passi dal mare e a pochi km dall\u2019autostrada.<\/span><\/p>\n<p style=\"text-align: center;\"><span style=\"color: #000000;\">La dimora viene acquistata nel 1917 dalla famiglia Benelli, che l\u2019ha custodito e ha portato avanti l&#8217;accurato<\/span>\u00a0<span style=\"color: #000000;\">restauro degli ultimi anni, e ancora oggi risulta essere una location affascinante non solo per l\u2019architettura,<\/span>\u00a0<span style=\"color: #000000;\">ma anche per il verde dei pini marittimi da cui \u00e8 circondato, che in un tempo non troppo lontano si<\/span>\u00a0<span style=\"color: #000000;\">estendevano dalle campagne fino a raggiungere il mare.<\/span><\/p>\n<p style=\"text-align: center;\"><span style=\"color: #000000;\">Il Borgo Ottocentesco originario include, oltre al Castello e il suo grande parco, le suggestive Scuderie con<\/span>\u00a0<span style=\"color: #000000;\">un romantico porticato, che riportano il visitatore ad epoche antiche, e una dependance, la \u201cCasa del<\/span>\u00a0<span style=\"color: #000000;\">Castello\u201d, dove \u00e8 possibile alloggiare. Incorniciata dal glicine ed arredata in pieno stile country chic, pu\u00f2<\/span>\u00a0<span style=\"color: #000000;\">ospitare fino a sei persone, per fornire un\u2019esperienza olistica. Il Borgo \u00e8 anche immerso in una fiorente<\/span>\u00a0<span style=\"color: #000000;\">azienda agricola tuttora attiva, che produce grano, girasole, mais e fagiolini.<\/span><\/p>\n<p style=\"text-align: center;\"><span style=\"color: #000000;\">Bellaria deve il suo nome alla brezza marina che continua a soffiare anche nelle giornate pi\u00f9 calde, e per<\/span>\u00a0<span style=\"color: #000000;\">questo la location \u00e8 ottimale anche per organizzare eventi all\u2019aperto. L\u2019esterno del Castello \u00e8 infatti<\/span>\u00a0<span style=\"color: #000000;\">perfetto per eventi open air ed \u00e8 di grande impatto scenografico in un contesto storico artistico in armonia<\/span>\u00a0<span style=\"color: #000000;\">con il contesto naturalistico.<\/span><\/p>\n<p style=\"text-align: center;\"><span style=\"color: #000000;\">\u00c8 possibile allestire parte dell\u2019evento anche all\u2019interno, infatti le stanze interne sono state tutte affrescate<\/span>\u00a0<span style=\"color: #000000;\">in modo diverso e recentemente restaurate sia nei soffitti che nelle pareti: dalla Torre dei Leoni al Salone<\/span>\u00a0<span style=\"color: #000000;\">dei Gigli, \u00e8 una scoperta continua.<\/span><\/p>\n<p style=\"text-align: center;\"><span style=\"color: #000000;\">Se si \u00e8 alla ricerca di un\u2019atmosfera post-industriale invece, sono a disposizione anche i magazzini agricoli,<\/span>\u00a0<span style=\"color: #000000;\">che possono essere sfruttati sia come location esterna sia all\u2019interno per degli allestimenti d\u2019impatto.<\/span><\/p>\n<p style=\"text-align: center;\"><span style=\"color: #000000;\">Castello Benelli \u00e8 il luogo dove la storia incontra la poesia.<\/span><\/p>\n<h5><\/h5>\n<h5 style=\"text-align: center;\"><span style=\"color: #000000;\">Venite a scoprire queste meravigliose location:<\/span><br \/>\n<span style=\"color: #000000;\"><strong>Per maggiori informazioni cliccate <em><a style=\"color: #000000;\" href=\"https:\/\/palazzoboncompagni.it\/?utm_source=NEST&amp;utm_medium=Referral&amp;utm_campaign=social\">qui<\/a><\/em>.<\/strong><\/span><\/h5>\n<h5 style=\"text-align: center;\"><span style=\"caret-color: #000000; color: #000000;\">Instagram:<\/span><\/h5>\n<p style=\"text-align: center;\"><span style=\"color: #000000;\"><a style=\"color: #000000;\" href=\"https:\/\/www.instagram.com\/palazzoboncompagni\/?hl=it\">Boncompagni Palace<\/a><\/span><br \/>\n<span style=\"color: #000000;\"><a style=\"color: #000000;\" href=\"https:\/\/www.instagram.com\/castellobenelli\">Benelli Castle<\/a><\/span><\/p>\n<h5 style=\"text-align: center;\"><span style=\"color: #000000;\">Per prenotazioni:<\/span><\/h5>\n<h5 style=\"text-align: center;\"><span style=\"color: #000000;\">reservations@nestitaly.com<\/span><\/h5>\n<p style=\"text-align: center;\"><span style=\"color: #000000;\"><strong>info@palazzoboncompagni.it<\/strong><\/span><\/p>\n<p>[\/vc_column_text][\/vc_column][\/vc_row][vc_row el_id=&#8221;retreats&#8221;][vc_column][vc_empty_space height=&#8221;100px&#8221;][\/vc_column][\/vc_row][vc_row][vc_column][vc_custom_heading text=&#8221;Hotels closed by&#8221; font_container=&#8221;tag:h2|font_size:34|text_align:center&#8221; use_theme_fonts=&#8221;yes&#8221; t_supro_heading=&#8221;&#8221; m_supro_heading=&#8221;&#8221; t_font_size=&#8221;30&#8243; m_font_size=&#8221;24&#8243; css=&#8221;.vc_custom_1666538032588{margin-top: 0px !important;margin-bottom: 0px !important;}&#8221;][vc_empty_space height=&#8221;30px&#8221;][\/vc_column][\/vc_row][vc_row][vc_column][vc_basic_grid post_type=&#8221;portfolio&#8221; max_items=&#8221;999&#8243; style=&#8221;load-more&#8221; items_per_page=&#8221;6&#8243; order=&#8221;ASC&#8221; item=&#8221;1249&#8243; grid_id=&#8221;vc_gid:1673891259998-1d539b18-3260-3&#8243; taxonomies=&#8221;208&#8243;][\/vc_column][\/vc_row]<\/p>\n","protected":false},"excerpt":{"rendered":"<p>[vc_row el_class=&#8221;ricerca&#8221; el_id=&#8221;ricerca&#8221;][vc_column][vc_custom_heading text=&#8221;Palazzo Boncompagni &amp; Castello Benelli&#8221; font_container=&#8221;tag:h2|font_size:34|text_align:center&#8221; use_theme_fonts=&#8221;yes&#8221; t_supro_heading=&#8221;&#8221; m_supro_heading=&#8221;&#8221; t_font_size=&#8221;30&#8243; m_font_size=&#8221;24&#8243; css=&#8221;.vc_custom_1672357566706{margin-top: 0px !important;margin-bottom: 0px !important;}&#8221;][vc_empty_space height=&#8221;80px&#8221;][vc_column_text] &nbsp; PALAZZO BONCOMPAGNI Nel pieno centro storico di Bologna, a poche centinaia di metri da piazza Maggiore e dalle Due Torri, si\u00a0trova un palazzo nobiliare costruito a met\u00e0 del XVI secolo per ospitare un Papa. [&hellip;]<\/p>\n","protected":false},"author":1,"featured_media":0,"parent":0,"menu_order":0,"comment_status":"closed","ping_status":"closed","template":"","meta":{"_acf_changed":false,"inline_featured_image":false,"footnotes":""},"class_list":["post-185443","page","type-page","status-publish","hentry","no-thumb"],"acf":[],"_links":{"self":[{"href":"https:\/\/nestitaly.com\/it\/wp-json\/wp\/v2\/pages\/185443","targetHints":{"allow":["GET"]}}],"collection":[{"href":"https:\/\/nestitaly.com\/it\/wp-json\/wp\/v2\/pages"}],"about":[{"href":"https:\/\/nestitaly.com\/it\/wp-json\/wp\/v2\/types\/page"}],"author":[{"embeddable":true,"href":"https:\/\/nestitaly.com\/it\/wp-json\/wp\/v2\/users\/1"}],"replies":[{"embeddable":true,"href":"https:\/\/nestitaly.com\/it\/wp-json\/wp\/v2\/comments?post=185443"}],"version-history":[{"count":5,"href":"https:\/\/nestitaly.com\/it\/wp-json\/wp\/v2\/pages\/185443\/revisions"}],"predecessor-version":[{"id":193657,"href":"https:\/\/nestitaly.com\/it\/wp-json\/wp\/v2\/pages\/185443\/revisions\/193657"}],"wp:attachment":[{"href":"https:\/\/nestitaly.com\/it\/wp-json\/wp\/v2\/media?parent=185443"}],"curies":[{"name":"wp","href":"https:\/\/api.w.org\/{rel}","templated":true}]}}